{"id":159,"date":"2025-08-12T15:01:38","date_gmt":"2025-08-12T13:01:38","guid":{"rendered":"https:\/\/linux-rhein-kreis-neuss.de\/cms\/?page_id=159"},"modified":"2025-08-18T09:18:07","modified_gmt":"2025-08-18T07:18:07","slug":"tages-programm","status":"publish","type":"page","link":"https:\/\/linux-rhein-kreis-neuss.de\/cms\/tages-programm\/","title":{"rendered":"Veranstaltungen in der Region"},"content":{"rendered":"<div id=\"ez-toc-container\" class=\"ez-toc-v2_0_82_2 counter-hierarchy ez-toc-counter ez-toc-light-blue ez-toc-container-direction\">\n<div class=\"ez-toc-title-container\">\n<p class=\"ez-toc-title ez-toc-toggle\" style=\"cursor:pointer\">Inhalt<\/p>\n<span class=\"ez-toc-title-toggle\"><a href=\"#\" class=\"ez-toc-pull-right ez-toc-btn ez-toc-btn-xs ez-toc-btn-default ez-toc-toggle\" aria-label=\"Toggle Table of Content\"><span class=\"ez-toc-js-icon-con\"><span class=\"\"><span class=\"eztoc-hide\" style=\"display:none;\">Toggle<\/span><span class=\"ez-toc-icon-toggle-span\"><svg style=\"fill: #999;color:#999\" xmlns=\"http:\/\/www.w3.org\/2000\/svg\" class=\"list-377408\" width=\"20px\" height=\"20px\" viewBox=\"0 0 24 24\" fill=\"none\"><path d=\"M6 6H4v2h2V6zm14 0H8v2h12V6zM4 11h2v2H4v-2zm16 0H8v2h12v-2zM4 16h2v2H4v-2zm16 0H8v2h12v-2z\" fill=\"currentColor\"><\/path><\/svg><svg style=\"fill: #999;color:#999\" class=\"arrow-unsorted-368013\" xmlns=\"http:\/\/www.w3.org\/2000\/svg\" width=\"10px\" height=\"10px\" viewBox=\"0 0 24 24\" version=\"1.2\" baseProfile=\"tiny\"><path d=\"M18.2 9.3l-6.2-6.3-6.2 6.3c-.2.2-.3.4-.3.7s.1.5.3.7c.2.2.4.3.7.3h11c.3 0 .5-.1.7-.3.2-.2.3-.5.3-.7s-.1-.5-.3-.7zM5.8 14.7l6.2 6.3 6.2-6.3c.2-.2.3-.5.3-.7s-.1-.5-.3-.7c-.2-.2-.4-.3-.7-.3h-11c-.3 0-.5.1-.7.3-.2.2-.3.5-.3.7s.1.5.3.7z\"\/><\/svg><\/span><\/span><\/span><\/a><\/span><\/div>\n<nav><ul class='ez-toc-list ez-toc-list-level-1 eztoc-toggle-hide-by-default' ><li class='ez-toc-page-1 ez-toc-heading-level-1'><a class=\"ez-toc-link ez-toc-heading-1\" href=\"https:\/\/linux-rhein-kreis-neuss.de\/cms\/tages-programm\/#Dritter-Kaarster-DIDAY-im-Mai-2026\" >Dritter Kaarster DI.DAY im Mai 2026<\/a><ul class='ez-toc-list-level-3' ><li class='ez-toc-heading-level-3'><ul class='ez-toc-list-level-3' ><li class='ez-toc-heading-level-3'><a class=\"ez-toc-link ez-toc-heading-2\" href=\"https:\/\/linux-rhein-kreis-neuss.de\/cms\/tages-programm\/#Hinweis\" >Hinweis<\/a><\/li><\/ul><\/li><\/ul><\/li><li class='ez-toc-page-1 ez-toc-heading-level-1'><a class=\"ez-toc-link ez-toc-heading-3\" href=\"https:\/\/linux-rhein-kreis-neuss.de\/cms\/tages-programm\/#Zweiter-Kaarster-DIDAY-vom-April-2026\" >Zweiter Kaarster DI.DAY vom April 2026<\/a><ul class='ez-toc-list-level-3' ><li class='ez-toc-heading-level-3'><ul class='ez-toc-list-level-3' ><li class='ez-toc-heading-level-3'><a class=\"ez-toc-link ez-toc-heading-4\" href=\"https:\/\/linux-rhein-kreis-neuss.de\/cms\/tages-programm\/#Anreise\" >Anreise<\/a><\/li><\/ul><\/li><\/ul><\/li><li class='ez-toc-page-1 ez-toc-heading-level-1'><a class=\"ez-toc-link ez-toc-heading-5\" href=\"https:\/\/linux-rhein-kreis-neuss.de\/cms\/tages-programm\/#Erster-Kaarster-DIDAY-vom-Maerz-2026\" >Erster Kaarster DI.DAY vom M\u00e4rz 2026<\/a><ul class='ez-toc-list-level-3' ><li class='ez-toc-heading-level-3'><ul class='ez-toc-list-level-3' ><li class='ez-toc-heading-level-3'><a class=\"ez-toc-link ez-toc-heading-6\" href=\"https:\/\/linux-rhein-kreis-neuss.de\/cms\/tages-programm\/#Tuppenhof\" >Tuppenhof<\/a><\/li><li class='ez-toc-page-1 ez-toc-heading-level-3'><a class=\"ez-toc-link ez-toc-heading-7\" href=\"https:\/\/linux-rhein-kreis-neuss.de\/cms\/tages-programm\/#Anreise-2\" >Anreise<\/a><\/li><\/ul><\/li><\/ul><\/li><li class='ez-toc-page-1 ez-toc-heading-level-1'><a class=\"ez-toc-link ez-toc-heading-8\" href=\"https:\/\/linux-rhein-kreis-neuss.de\/cms\/tages-programm\/#Linux-Presentation-Day\" >Linux Presentation Day<\/a><ul class='ez-toc-list-level-3' ><li class='ez-toc-heading-level-3'><ul class='ez-toc-list-level-3' ><li class='ez-toc-heading-level-3'><a class=\"ez-toc-link ez-toc-heading-9\" href=\"https:\/\/linux-rhein-kreis-neuss.de\/cms\/tages-programm\/#%E2%80%9ELinux-im-Alltag%E2%80%9C\" >&#8222;Linux im Alltag&#8220;<\/a><\/li><li class='ez-toc-page-1 ez-toc-heading-level-3'><a class=\"ez-toc-link ez-toc-heading-10\" href=\"https:\/\/linux-rhein-kreis-neuss.de\/cms\/tages-programm\/#Themen\" >Themen<\/a><\/li><li class='ez-toc-page-1 ez-toc-heading-level-3'><a class=\"ez-toc-link ez-toc-heading-11\" href=\"https:\/\/linux-rhein-kreis-neuss.de\/cms\/tages-programm\/#Anreise-3\" >Anreise<\/a><\/li><li class='ez-toc-page-1 ez-toc-heading-level-3'><a class=\"ez-toc-link ez-toc-heading-12\" href=\"https:\/\/linux-rhein-kreis-neuss.de\/cms\/tages-programm\/#Presse\" >Presse<\/a><\/li><li class='ez-toc-page-1 ez-toc-heading-level-3'><a class=\"ez-toc-link ez-toc-heading-13\" href=\"https:\/\/linux-rhein-kreis-neuss.de\/cms\/tages-programm\/#Hinweis-2\" >Hinweis<\/a><\/li><\/ul><\/li><\/ul><\/li><\/ul><\/nav><\/div>\n\n<h1 class=\"wp-block-heading\"><span class=\"ez-toc-section\" id=\"Dritter-Kaarster-DIDAY-im-Mai-2026\"><\/span>Dritter Kaarster DI.DAY im Mai 2026<span class=\"ez-toc-section-end\"><\/span><\/h1>\n\n\n\n<p>Die Veranstaltung wird am 10. Mai 2026 (14-17 Uhr) wieder im Multifunktionsraum am Albert-Einstein Forum statt finden.<\/p>\n\n\n\t\t<div\n            id=\"wpmapblock_9f802943\"\n            data-settings='{&quot;map_marker&quot;:[{&quot;id&quot;:&quot;0&quot;,&quot;lat&quot;:&quot;51.225579437673&quot;,&quot;lng&quot;:&quot;6.6155076026917&quot;,&quot;title&quot;:&quot;Linux Presentation Day&quot;,&quot;content&quot;:&quot;im Multifunktionsraum des Albert-Einstein Forum&quot;,&quot;iconType&quot;:&quot;custom&quot;,&quot;customIconUrl&quot;:&quot;https:\\\/\\\/linux-rhein-kreis-neuss.de\\\/cms\\\/wp-content\\\/uploads\\\/2025\\\/07\\\/image.png&quot;,&quot;customIconWidth&quot;:&quot;25&quot;,&quot;customIconHeight&quot;:&quot;30&quot;}],&quot;map_zoom&quot;:&quot;17&quot;,&quot;scroll_wheel_zoom&quot;:&quot;1&quot;,&quot;map_type&quot;:&quot;OSM&quot;,&quot;center_index&quot;:0}'\n            class=\"wpmapblockrender\"\n            style=\"\n\t\t\twidth: 100%;\n\t\t\theight: 500px;\n\t\t\"\n            >\n        <\/div>\n        \n\n\n<p>Wir werden uns bei der dritten Ausgabe auf die Praxis konzentrieren und wir fokussieren uns auf<\/p>\n\n\n\n<ul class=\"wp-block-list\">\n<li>Vorbereitungen zum Umstieg auf Linux Mint\n<ul class=\"wp-block-list\">\n<li>USB-Stick einrichten<\/li>\n\n\n\n<li>Datensicherung organisieren und durchf\u00fchren<\/li>\n<\/ul>\n<\/li>\n<\/ul>\n\n\n\n<ul class=\"wp-block-list\">\n<li>Linux Mint vom USB-Stick starten und gefahrlos ausprobieren<\/li>\n<\/ul>\n\n\n\n<ul class=\"wp-block-list\">\n<li>Linux Mint installieren\n<ul class=\"wp-block-list\">\n<li>vorhandenes Betriebssystem (Windows) ersetzen<\/li>\n\n\n\n<li>parallel zu Windows<\/li>\n<\/ul>\n<\/li>\n<\/ul>\n\n\n\n<h3 class=\"wp-block-heading\"><span class=\"ez-toc-section\" id=\"Hinweis\"><\/span>Hinweis<span class=\"ez-toc-section-end\"><\/span><\/h3>\n\n\n\n<p>Bevor wir Ver\u00e4nderungen an bereit gestellter Hardware durchf\u00fchren, setzen wir voraus, dass die Hardware funktionst\u00fcchtig ist und zuvor eine Datensicherung vorgenommen wurde. <\/p>\n\n\n\n<p>Hardware k\u00f6nnen wir nicht reparieren. Wir k\u00f6nnen aber Kontakte zu diversen &#8222;repair Caf\u00e9&#8220; Initiativen ermitteln. Empfehlenswerte Ansprechpartner f\u00fcr andere digitale Themen au\u00dferhalb der Linux-Welt kennen wir auch. \ud83d\ude09<\/p>\n\n\n\n<p>Bringt eure Rechner, USB-Stick (min. 4 GB Kapazit\u00e4t) und eine unterzeichnete Einwilligungserkl\u00e4rung mit.<\/p>\n\n\n\n<div data-wp-interactive=\"core\/file\" class=\"wp-block-file\"><object data-wp-bind--hidden=\"!state.hasPdfPreview\" hidden class=\"wp-block-file__embed\" data=\"https:\/\/linux-rhein-kreis-neuss.de\/cms\/wp-content\/uploads\/2025\/08\/Einwilligungserklaerung-zur-Formatierung-einer-Festplatte.pdf\" type=\"application\/pdf\" style=\"width:100%;height:940px\" aria-label=\"Einbettung von Einwilligungserkl\u00e4rung zur Formatierung einer Festplatte.\"><\/object><a id=\"wp-block-file--media-0e20806c-e1c8-4a9c-a663-a25f6a44a7c4\" href=\"https:\/\/linux-rhein-kreis-neuss.de\/cms\/wp-content\/uploads\/2025\/08\/Einwilligungserklaerung-zur-Formatierung-einer-Festplatte.pdf\">Einwilligungserkl\u00e4rung zur Formatierung einer Festplatte<\/a><a href=\"https:\/\/linux-rhein-kreis-neuss.de\/cms\/wp-content\/uploads\/2025\/08\/Einwilligungserklaerung-zur-Formatierung-einer-Festplatte.pdf\" class=\"wp-block-file__button wp-element-button\" download aria-describedby=\"wp-block-file--media-0e20806c-e1c8-4a9c-a663-a25f6a44a7c4\">Herunterladen<\/a><\/div>\n\n\n\n<p>W\u00e4hrend der Veranstaltung werden Fotos und Videos aufgenommen.<br>Bitte die <a type=\"post\" id=\"376\" href=\"https:\/\/linux-rhein-kreis-neuss.de\/cms\/hinweise-zu-bild-und-tonaufnahmen\">Hinweise zu Bild-<\/a> und <a type=\"post\" id=\"376\" href=\"https:\/\/linux-rhein-kreis-neuss.de\/cms\/hinweise-zu-bild-und-tonaufnahmen\">Tonaufnahmen<\/a> beachten.<\/p>\n\n\n\n<h1 class=\"wp-block-heading\"><span class=\"ez-toc-section\" id=\"Zweiter-Kaarster-DIDAY-vom-April-2026\"><\/span>Zweiter Kaarster DI.DAY vom April 2026<span class=\"ez-toc-section-end\"><\/span><\/h1>\n\n\n\n<p>Am 12. April 2026 stie\u00df der zweite Kaarster DI.DAY im Multifunktionsraum am Albert-Einstein Forum auf gro\u00dfes Interesse. Der Fokus besch\u00e4ftigte sich mit Linux und den Umstiegsoptionen. Die Folien der Pr\u00e4sentation hat uns Hanjo Loeben zur Verf\u00fcgung gestellt und sind <a href=\"https:\/\/linux-rhein-kreis-neuss.de\/cms\/wp-content\/uploads\/2026\/04\/2.-DI.DAY-Kaarst-Folien.pdf\" target=\"_blank\" rel=\"noreferrer noopener\">hier<\/a> abrufbar.<\/p>\n\n\n\n<p>Es laufen bereits die Vorbereitungen auf den n\u00e4chsten DI.DAY in Kaarst am 10. Mai 2026. Welche Themen wir in die Agenda aufnehmen, ist noch nicht in Stein gemei\u00dfelt. Interessierte k\u00f6nnen unsere Agenda mitgestalten! <\/p>\n\n\n\n<p>Auf welche Themen sollen wir uns konzentrieren?<br>Was sollen wir f\u00fcr den n\u00e4chsten DI.DAY  vorbereiten?<\/p>\n\n\n<div id=\"polls-4\" class=\"wp-polls\">\n\t<form id=\"polls_form_4\" class=\"wp-polls-form\" action=\"\/cms\/index.php\" method=\"post\">\n\t\t<p style=\"display: none;\"><input type=\"hidden\" id=\"poll_4_nonce\" name=\"wp-polls-nonce\" value=\"bfba02d091\" \/><\/p>\n\t\t<p style=\"display: none;\"><input type=\"hidden\" name=\"poll_id\" value=\"4\" \/><\/p>\n\t\t<p style=\"display: none;\"><input type=\"hidden\" id=\"poll_multiple_ans_4\" name=\"poll_multiple_ans_4\" value=\"5\" \/><\/p>\n\t\t<p style=\"text-align: center;\"><strong>Was willst Du beim DI.DAY in Kaarst anfassen und ausprobieren?<\/strong><\/p><div id=\"polls-4-ans\" class=\"wp-polls-ans\"><ul class=\"wp-polls-ul\">\n\t\t<li><input type=\"checkbox\" id=\"poll-answer-24\" name=\"poll_4\" value=\"24\" \/> <label for=\"poll-answer-24\">E-Mail, Messenger (Whatsapp, Telegram, Signal &amp; Co)<\/label><\/li>\n\t\t<li><input type=\"checkbox\" id=\"poll-answer-25\" name=\"poll_4\" value=\"25\" \/> <label for=\"poll-answer-25\">Textverarbeitung, Tabellenkalkulation, Pr\u00e4sentationen<\/label><\/li>\n\t\t<li><input type=\"checkbox\" id=\"poll-answer-26\" name=\"poll_4\" value=\"26\" \/> <label for=\"poll-answer-26\">Mastodon<\/label><\/li>\n\t\t<li><input type=\"checkbox\" id=\"poll-answer-27\" name=\"poll_4\" value=\"27\" \/> <label for=\"poll-answer-27\">Browser (Alternativen zu Chrome, Firefox &amp; Co)<\/label><\/li>\n\t\t<li><input type=\"checkbox\" id=\"poll-answer-28\" name=\"poll_4\" value=\"28\" \/> <label for=\"poll-answer-28\">Videokonferenzen<\/label><\/li>\n\t\t<li><input type=\"checkbox\" id=\"poll-answer-29\" name=\"poll_4\" value=\"29\" \/> <label for=\"poll-answer-29\">Raspberry Pi Technik<\/label><\/li>\n\t\t<li><input type=\"checkbox\" id=\"poll-answer-30\" name=\"poll_4\" value=\"30\" \/> <label for=\"poll-answer-30\">Selfhosting<\/label><\/li>\n\t\t<li><input type=\"checkbox\" id=\"poll-answer-31\" name=\"poll_4\" value=\"31\" \/> <label for=\"poll-answer-31\">Smarte Home Office Technik<\/label><\/li>\n\t\t<li><input type=\"checkbox\" id=\"poll-answer-32\" name=\"poll_4\" value=\"32\" \/> <label for=\"poll-answer-32\">Gaming &amp; Linux<\/label><\/li>\n\t\t<li><input type=\"checkbox\" id=\"poll-answer-33\" name=\"poll_4\" value=\"33\" \/> <label for=\"poll-answer-33\">Sonstiges<\/label><\/li>\n\t\t<\/ul><p style=\"text-align: center;\"><input type=\"button\" name=\"vote\" value=\"   Abstimmen   \" class=\"Buttons\" onclick=\"poll_vote(4);\" \/><\/p><p style=\"text-align: center;\"><a href=\"#ViewPollResults\" onclick=\"poll_result(4); return false;\" title=\"Ergebnisse dieser Umfrage anzeigen\">Ergebnisse anzeigen<\/a><\/p><\/div>\n\t<\/form>\n<\/div>\n<div id=\"polls-4-loading\" class=\"wp-polls-loading\"><img loading=\"lazy\" decoding=\"async\" src=\"https:\/\/linux-rhein-kreis-neuss.de\/cms\/wp-content\/plugins\/wp-polls\/images\/loading.gif\" width=\"16\" height=\"16\" alt=\"Wird geladen ...\" title=\"Wird geladen ...\" class=\"wp-polls-image\" \/>&nbsp;Wird geladen ...<\/div>\n\n\n\n\n<h3 class=\"wp-block-heading\"><span class=\"ez-toc-section\" id=\"Anreise\"><\/span>Anreise<span class=\"ez-toc-section-end\"><\/span><\/h3>\n\n\n\t\t<div\n            id=\"wpmapblock_b3e2cbcb\"\n            data-settings='{&quot;map_marker&quot;:[{&quot;id&quot;:&quot;0&quot;,&quot;lat&quot;:&quot;51.225579437673&quot;,&quot;lng&quot;:&quot;6.6155076026917&quot;,&quot;title&quot;:&quot;Linux Presentation Day&quot;,&quot;content&quot;:&quot;im Multifunktionsraum des Albert-Einstein Forum&quot;,&quot;iconType&quot;:&quot;custom&quot;,&quot;customIconUrl&quot;:&quot;https:\\\/\\\/linux-rhein-kreis-neuss.de\\\/cms\\\/wp-content\\\/uploads\\\/2025\\\/07\\\/image.png&quot;,&quot;customIconWidth&quot;:&quot;25&quot;,&quot;customIconHeight&quot;:&quot;30&quot;}],&quot;map_zoom&quot;:&quot;17&quot;,&quot;scroll_wheel_zoom&quot;:&quot;1&quot;,&quot;map_type&quot;:&quot;OSM&quot;,&quot;center_index&quot;:0}'\n            class=\"wpmapblockrender\"\n            style=\"\n\t\t\twidth: 100%;\n\t\t\theight: 500px;\n\t\t\"\n            >\n        <\/div>\n        \n\n\n<h1 class=\"wp-block-heading\"><span class=\"ez-toc-section\" id=\"Erster-Kaarster-DIDAY-vom-Maerz-2026\"><\/span>Erster Kaarster DI.DAY vom M\u00e4rz 2026<span class=\"ez-toc-section-end\"><\/span><\/h1>\n\n\n\n<h3 class=\"wp-block-heading has-text-align-center\"><span class=\"ez-toc-section\" id=\"Tuppenhof\"><\/span>Tuppenhof<span class=\"ez-toc-section-end\"><\/span><\/h3>\n\n\n\n<p>Gemeinsam f\u00fcr digitale Freiheit: Wir wechseln zu demokratiefreundlichen Alternativen \u2013 von Windows\/Mac zu Linux, von WhatsApp zu sicheren Messengern, von Gmail zu datenschutzfreundlichen Anbietern, ins Fediverse &amp; mehr.<\/p>\n\n\n\n<h4 class=\"wp-block-heading has-text-align-center\">Agenda vom 08.03.2026<\/h4>\n\n\n\n<figure class=\"wp-block-table\"><table class=\"has-accent-2-background-color has-background has-fixed-layout\"><tbody><tr><td><strong>Thema<\/strong><\/td><td><strong>Wann<\/strong><\/td><td><strong>Wo<\/strong><\/td><td><\/td><\/tr><tr><td>Opening<\/td><td>14 Uhr<\/td><td>B\u00fchne<\/td><td>Frank<\/td><\/tr><tr><td>Mint auf MacBook Pro<br>Mac &amp; Minze<\/td><td>14 &#8211; 17 Uhr<\/td><td><\/td><td><\/td><\/tr><tr><td>Video und Fotobearbeitung<\/td><td>14 &#8211; 17 Uhr<\/td><td><\/td><td>Dr.Tux<\/td><\/tr><tr><td>Linux &amp; Windows<br>Dual Boot<\/td><td>14 &#8211; 17 Uhr<\/td><td><\/td><td>Dr.Tux<\/td><\/tr><tr><td>Linux Mint<br>Installation und Einf\u00fchrung<\/td><td>14 &#8211; 17 Uhr<\/td><td><\/td><td>Hanjo<\/td><\/tr><tr><td>Fragen &amp; Antworten<\/td><td>14 &#8211; 17 Uhr<\/td><td><\/td><td><\/td><\/tr><tr><td>Closing<\/td><td>17:30 Uhr<\/td><td>B\u00fchne<\/td><td>Frank<\/td><\/tr><\/tbody><\/table><figcaption class=\"wp-element-caption\">\u00c4nderungen des Programmes k\u00f6nnen sich kurzfristig noch ergeben und bleiben vorbehalten<\/figcaption><\/figure>\n\n\n\n<h4 class=\"wp-block-heading has-text-align-center\">Nachlese &amp; Fazit zum DI.DAY vom 08.03.2026<\/h4>\n\n\n\n<p>Frank Ahlert vom <a href=\"https:\/\/www.kulturforum-kaarst.de\" target=\"_blank\" rel=\"noreferrer noopener\">Kulturforum-Kaarst<\/a> hat den ersten DI.DAY in Kaarst im ausgebuchten Tuppenhof er\u00f6ffnet.<\/p>\n\n\n\n<p>Die umfangreiche professionelle Pr\u00e4sentation mit integrierten hilfreichen Links wird Frank im kulturforum-kaarst.de Onlineauftritt ver\u00f6ffentlichen.<\/p>\n\n\n\n<div style=\"height:20px\" aria-hidden=\"true\" class=\"wp-block-spacer\"><\/div>\n\n\n\n<figure class=\"wp-block-gallery has-nested-images columns-default is-cropped wp-block-gallery-2 is-layout-flex wp-block-gallery-is-layout-flex\">\n<figure class=\"wp-block-image size-large\"><img loading=\"lazy\" decoding=\"async\" width=\"272\" height=\"454\" data-id=\"714\" src=\"https:\/\/linux-rhein-kreis-neuss.de\/cms\/wp-content\/uploads\/2026\/03\/NGZ.06.03.2026.png\" alt=\"\" class=\"wp-image-714\" srcset=\"https:\/\/linux-rhein-kreis-neuss.de\/cms\/wp-content\/uploads\/2026\/03\/NGZ.06.03.2026.png 272w, https:\/\/linux-rhein-kreis-neuss.de\/cms\/wp-content\/uploads\/2026\/03\/NGZ.06.03.2026-180x300.png 180w\" sizes=\"auto, (max-width: 272px) 100vw, 272px\" \/><\/figure>\n\n\n\n<figure class=\"wp-block-image size-large\"><img loading=\"lazy\" decoding=\"async\" width=\"800\" height=\"450\" data-id=\"708\" src=\"https:\/\/linux-rhein-kreis-neuss.de\/cms\/wp-content\/uploads\/2026\/03\/DI.DAY_00_DID-Kaarst.jpg\" alt=\"Erster Kaarster DI.DAY\" class=\"wp-image-708\" srcset=\"https:\/\/linux-rhein-kreis-neuss.de\/cms\/wp-content\/uploads\/2026\/03\/DI.DAY_00_DID-Kaarst.jpg 800w, https:\/\/linux-rhein-kreis-neuss.de\/cms\/wp-content\/uploads\/2026\/03\/DI.DAY_00_DID-Kaarst-300x169.jpg 300w, https:\/\/linux-rhein-kreis-neuss.de\/cms\/wp-content\/uploads\/2026\/03\/DI.DAY_00_DID-Kaarst-768x432.jpg 768w\" sizes=\"auto, (max-width: 800px) 100vw, 800px\" \/><\/figure>\n\n\n\n<figure class=\"wp-block-image size-large\"><img loading=\"lazy\" decoding=\"async\" width=\"1024\" height=\"576\" data-id=\"707\" src=\"https:\/\/linux-rhein-kreis-neuss.de\/cms\/wp-content\/uploads\/2026\/03\/DI.DAY_00_2026-03-08-2052-1024x576.jpg\" alt=\"Erster Kaarster DI.DAY - Frank Ahlert beim Opening\" class=\"wp-image-707\" srcset=\"https:\/\/linux-rhein-kreis-neuss.de\/cms\/wp-content\/uploads\/2026\/03\/DI.DAY_00_2026-03-08-2052-1024x576.jpg 1024w, https:\/\/linux-rhein-kreis-neuss.de\/cms\/wp-content\/uploads\/2026\/03\/DI.DAY_00_2026-03-08-2052-300x169.jpg 300w, https:\/\/linux-rhein-kreis-neuss.de\/cms\/wp-content\/uploads\/2026\/03\/DI.DAY_00_2026-03-08-2052-768x432.jpg 768w, https:\/\/linux-rhein-kreis-neuss.de\/cms\/wp-content\/uploads\/2026\/03\/DI.DAY_00_2026-03-08-2052.jpg 1365w\" sizes=\"auto, (max-width: 1024px) 100vw, 1024px\" \/><figcaption class=\"wp-element-caption\">Opening <br>mit Frank Ahlert<\/figcaption><\/figure>\n\n\n\n<figure class=\"wp-block-image size-large\"><img loading=\"lazy\" decoding=\"async\" width=\"1024\" height=\"576\" data-id=\"711\" src=\"https:\/\/linux-rhein-kreis-neuss.de\/cms\/wp-content\/uploads\/2026\/03\/DI.DAY_20_2026-03-08-2051-1024x576.jpeg\" alt=\"\" class=\"wp-image-711\" srcset=\"https:\/\/linux-rhein-kreis-neuss.de\/cms\/wp-content\/uploads\/2026\/03\/DI.DAY_20_2026-03-08-2051-1024x576.jpeg 1024w, https:\/\/linux-rhein-kreis-neuss.de\/cms\/wp-content\/uploads\/2026\/03\/DI.DAY_20_2026-03-08-2051-300x169.jpeg 300w, https:\/\/linux-rhein-kreis-neuss.de\/cms\/wp-content\/uploads\/2026\/03\/DI.DAY_20_2026-03-08-2051-768x432.jpeg 768w, https:\/\/linux-rhein-kreis-neuss.de\/cms\/wp-content\/uploads\/2026\/03\/DI.DAY_20_2026-03-08-2051.jpeg 1047w\" sizes=\"auto, (max-width: 1024px) 100vw, 1024px\" \/><figcaption class=\"wp-element-caption\">TUX<\/figcaption><\/figure>\n\n\n\n<figure class=\"wp-block-image size-large\"><img loading=\"lazy\" decoding=\"async\" width=\"1024\" height=\"768\" data-id=\"710\" src=\"https:\/\/linux-rhein-kreis-neuss.de\/cms\/wp-content\/uploads\/2026\/03\/DI.DAY_10_2026-03-08-2051-1024x768.jpg\" alt=\"Erster Kaarster DI.DAY - Mastodon\" class=\"wp-image-710\" srcset=\"https:\/\/linux-rhein-kreis-neuss.de\/cms\/wp-content\/uploads\/2026\/03\/DI.DAY_10_2026-03-08-2051-1024x768.jpg 1024w, https:\/\/linux-rhein-kreis-neuss.de\/cms\/wp-content\/uploads\/2026\/03\/DI.DAY_10_2026-03-08-2051-300x225.jpg 300w, https:\/\/linux-rhein-kreis-neuss.de\/cms\/wp-content\/uploads\/2026\/03\/DI.DAY_10_2026-03-08-2051-768x576.jpg 768w, https:\/\/linux-rhein-kreis-neuss.de\/cms\/wp-content\/uploads\/2026\/03\/DI.DAY_10_2026-03-08-2051.jpg 1365w\" sizes=\"auto, (max-width: 1024px) 100vw, 1024px\" \/><figcaption class=\"wp-element-caption\">Mastodon<\/figcaption><\/figure>\n\n\n\n<figure class=\"wp-block-image size-large\"><img loading=\"lazy\" decoding=\"async\" width=\"800\" height=\"540\" data-id=\"709\" src=\"https:\/\/linux-rhein-kreis-neuss.de\/cms\/wp-content\/uploads\/2026\/03\/DI.DAY_10_2026-03-06-1415.KaaLUG-Support.jpg\" alt=\"Erster Kaarster DI.DAY - KaaLUG Support\" class=\"wp-image-709\" srcset=\"https:\/\/linux-rhein-kreis-neuss.de\/cms\/wp-content\/uploads\/2026\/03\/DI.DAY_10_2026-03-06-1415.KaaLUG-Support.jpg 800w, https:\/\/linux-rhein-kreis-neuss.de\/cms\/wp-content\/uploads\/2026\/03\/DI.DAY_10_2026-03-06-1415.KaaLUG-Support-300x203.jpg 300w, https:\/\/linux-rhein-kreis-neuss.de\/cms\/wp-content\/uploads\/2026\/03\/DI.DAY_10_2026-03-06-1415.KaaLUG-Support-768x518.jpg 768w\" sizes=\"auto, (max-width: 800px) 100vw, 800px\" \/><figcaption class=\"wp-element-caption\">KaaLUG Supporter<\/figcaption><\/figure>\n<\/figure>\n\n\n\n<h3 class=\"wp-block-heading\"><span class=\"ez-toc-section\" id=\"Anreise-2\"><\/span>Anreise<span class=\"ez-toc-section-end\"><\/span><\/h3>\n\n\n\n<p>Rottes 27, 41564 Kaarst (Navigationsadresse)<\/p>\n\n\n\t\t<div\n            id=\"wpmapblock_473ea34f\"\n            data-settings='{&quot;map_marker&quot;:[{&quot;id&quot;:&quot;1&quot;,&quot;lat&quot;:&quot;51.209482&quot;,&quot;lng&quot;:&quot;6.579464&quot;,&quot;title&quot;:&quot;Tuppenhof&quot;,&quot;content&quot;:&quot;Erster Kaarster DI.DAY&quot;,&quot;iconType&quot;:&quot;default&quot;,&quot;customIconUrl&quot;:&quot;&quot;,&quot;customIconWidth&quot;:&quot;25&quot;,&quot;customIconHeight&quot;:&quot;40&quot;}],&quot;map_zoom&quot;:&quot;17&quot;,&quot;scroll_wheel_zoom&quot;:&quot;1&quot;,&quot;map_type&quot;:&quot;OSM&quot;,&quot;center_index&quot;:0}'\n            class=\"wpmapblockrender\"\n            style=\"\n\t\t\twidth: 100%;\n\t\t\theight: 500px;\n\t\t\"\n            >\n        <\/div>\n        \n\n\n<h1 class=\"wp-block-heading\"><span class=\"ez-toc-section\" id=\"Linux-Presentation-Day\"><\/span>Linux Presentation Day<span class=\"ez-toc-section-end\"><\/span><\/h1>\n\n\n\n<h3 class=\"wp-block-heading has-text-align-center\"><span class=\"ez-toc-section\" id=\"%E2%80%9ELinux-im-Alltag%E2%80%9C\"><\/span>&#8222;Linux im Alltag&#8220;<span class=\"ez-toc-section-end\"><\/span><\/h3>\n\n\n\n<h4 class=\"wp-block-heading has-text-align-center\">Agenda vom 01.11.2025<\/h4>\n\n\n\n<div class=\"wp-block-columns is-layout-flex wp-container-core-columns-is-layout-28f84493 wp-block-columns-is-layout-flex\">\n<div class=\"wp-block-column is-layout-flow wp-block-column-is-layout-flow\" style=\"flex-basis:100%\">\n<figure class=\"wp-block-table\"><table class=\"has-accent-2-background-color has-background has-fixed-layout\"><tbody><tr><td><strong>Thema<\/strong><\/td><td><strong>Wann<\/strong><\/td><td><strong>AEF<\/strong>*<\/td><td><strong>MFR<\/strong>*<\/td><\/tr><tr><td>Opening<\/td><td>10 + 12 + 15 Uhr<\/td><td>AEF B\u00fchne<\/td><td><\/td><\/tr><tr><td>Mint auf MacBook Pro<br>Mac &amp; Minze<\/td><td>10 &#8211; 17 Uhr<br><br><\/td><td><\/td><td>Stand<br>&#8211; Aachen<\/td><\/tr><tr><td>Datensicherung<br>mit Rescuezilla<\/td><td>10 &#8211; 17 Uhr<\/td><td><\/td><td>Stand<br>&#8211; Bonn<\/td><\/tr><tr><td>Linux &amp; Windows<br>Dual Boot<\/td><td>10 &#8211; 17 Uhr<\/td><td><\/td><td>Stand<br>&#8211; D\u00fcsseldorf<\/td><\/tr><tr><td>Linux Mint<br>Installation und Einf\u00fchrung<\/td><td>10 &#8211; 17 Uhr<\/td><td><\/td><td>Stand<br>&#8211; Essen<br>&#8211; Gelsenkirchen<\/td><\/tr><tr><td>Booten mit USB<\/td><td>12 &#8211; 17 Uhr<\/td><td><\/td><td>Stand<br>&#8211; Hagen<br>&#8211; K\u00f6ln<\/td><\/tr><tr><td>Warum Linux nutzen?<\/td><td>11 + 13 + 15 Uhr<\/td><td>B\u00fchne <\/td><td><\/td><\/tr><tr><td>Fragen &amp; Antworten<\/td><td>10 &#8211; 17 Uhr<\/td><td><\/td><td>Stand<br>&#8211; Leverkusen<br>&#8211; Moers<br>&#8211; Neuss<\/td><\/tr><tr><td>Closing<\/td><td>17:30 Uhr<\/td><td>AEF B\u00fchne<\/td><td><\/td><\/tr><\/tbody><\/table><figcaption class=\"wp-element-caption\">\u00c4nderungen des Programmes k\u00f6nnen sich kurzfristig noch ergeben und bleiben vorbehalten<br>* AEF = Albert-Einstein-Forum<br>* MFR = Multifunktionsraum<\/figcaption><\/figure>\n\n\n<\/div>\n<\/div>\n\n\n\n<h3 class=\"wp-block-heading\"><span class=\"ez-toc-section\" id=\"Themen\"><\/span>Themen<span class=\"ez-toc-section-end\"><\/span><\/h3>\n\n\n\n<p>Interessierte k\u00f6nnen unser Tages-Programm mitgestalten! Auf welche Themen sollen wir uns konzentrieren und sollen wir f\u00fcr den Linux Presentation Day vorbereiten?<\/p>\n\n\n<div id=\"polls-3\" class=\"wp-polls\">\n\t\t<p style=\"text-align: center;\"><strong>Was willst Du bei unseren Veranstaltungen anfassen und ausprobieren?<\/strong><\/p><div id=\"polls-3-ans\" class=\"wp-polls-ans\"><ul class=\"wp-polls-ul\">\n\t\t<li>Datensicherung und Backups <small>(13%, 2 Stimmen)<\/small><div class=\"pollbar\" style=\"width: 13%;\" title=\"Datensicherung und Backups (13% | 2 Stimmen)\"><\/div><\/li>\n\t\t<li>Videokonferenzen <small>(13%, 2 Stimmen)<\/small><div class=\"pollbar\" style=\"width: 13%;\" title=\"Videokonferenzen (13% | 2 Stimmen)\"><\/div><\/li>\n\t\t<li>Foto- und Videobearbeitung <small>(13%, 2 Stimmen)<\/small><div class=\"pollbar\" style=\"width: 13%;\" title=\"Foto- und Videobearbeitung (13% | 2 Stimmen)\"><\/div><\/li>\n\t\t<li>Die Raspberry Pi Welt <small>(13%, 2 Stimmen)<\/small><div class=\"pollbar\" style=\"width: 13%;\" title=\"Die Raspberry Pi Welt (13% | 2 Stimmen)\"><\/div><\/li>\n\t\t<li>Virtuelle PCs betreiben <small>(13%, 2 Stimmen)<\/small><div class=\"pollbar\" style=\"width: 13%;\" title=\"Virtuelle PCs betreiben (13% | 2 Stimmen)\"><\/div><\/li>\n\t\t<li>Smarte Home Office Technik <small>(7%, 1 Stimmen)<\/small><div class=\"pollbar\" style=\"width: 7%;\" title=\"Smarte Home Office Technik (7% | 1 Stimmen)\"><\/div><\/li>\n\t\t<li>E-Mail, Messenger (Whatsapp, Telegram, Signal &amp; Co) <small>(7%, 1 Stimmen)<\/small><div class=\"pollbar\" style=\"width: 7%;\" title=\"E-Mail, Messenger (Whatsapp, Telegram, Signal &amp;amp; Co) (7% | 1 Stimmen)\"><\/div><\/li>\n\t\t<li>Mein privates Spotify und\/oder Netflix <small>(7%, 1 Stimmen)<\/small><div class=\"pollbar\" style=\"width: 7%;\" title=\"Mein privates Spotify und\/oder Netflix (7% | 1 Stimmen)\"><\/div><\/li>\n\t\t<li>Verwalten und Freigeben digitaler Mediendateien <small>(7%, 1 Stimmen)<\/small><div class=\"pollbar\" style=\"width: 7%;\" title=\"Verwalten und Freigeben digitaler Mediendateien (7% | 1 Stimmen)\"><\/div><\/li>\n\t\t<li>Sonstiges <small>(7%, 1 Stimmen)<\/small><div class=\"pollbar\" style=\"width: 7%;\" title=\"Sonstiges (7% | 1 Stimmen)\"><\/div><\/li>\n\t\t<li>Linux &amp; Windows parallel betreiben <small>(0%, 0 Stimmen)<\/small><div class=\"pollbar\" style=\"width: 1%;\" title=\"Linux &amp;amp; Windows parallel betreiben (0% | 0 Stimmen)\"><\/div><\/li>\n\t\t<li>Textverarbeitung, Tabellenkalkulation, Pr\u00e4sentationen <small>(0%, 0 Stimmen)<\/small><div class=\"pollbar\" style=\"width: 1%;\" title=\"Textverarbeitung, Tabellenkalkulation, Pr\u00e4sentationen (0% | 0 Stimmen)\"><\/div><\/li>\n\t\t<\/ul><p style=\"text-align: center;\">W\u00e4hler insgesamt: <strong>5<\/strong><\/p><\/div>\n\t\t<input type=\"hidden\" id=\"poll_3_nonce\" name=\"wp-polls-nonce\" value=\"f4186be3a6\" \/>\n<\/div>\n<div id=\"polls-3-loading\" class=\"wp-polls-loading\"><img loading=\"lazy\" decoding=\"async\" src=\"https:\/\/linux-rhein-kreis-neuss.de\/cms\/wp-content\/plugins\/wp-polls\/images\/loading.gif\" width=\"16\" height=\"16\" alt=\"Wird geladen ...\" title=\"Wird geladen ...\" class=\"wp-polls-image\" \/>&nbsp;Wird geladen ...<\/div>\n\n\n\n\n<h3 class=\"wp-block-heading\"><span class=\"ez-toc-section\" id=\"Anreise-3\"><\/span>Anreise<span class=\"ez-toc-section-end\"><\/span><\/h3>\n\n\n\n<p>Am Schulzentrum 16, 41564 Kaarst (Navigationsadresse)<\/p>\n\n\n\t\t<div\n            id=\"wpmapblock_6588ee6b\"\n            data-settings='{&quot;map_marker&quot;:[{&quot;id&quot;:&quot;0&quot;,&quot;lat&quot;:&quot;51.225579437673&quot;,&quot;lng&quot;:&quot;6.6155076026917&quot;,&quot;title&quot;:&quot;Linux Presentation Day&quot;,&quot;content&quot;:&quot;im Multifunktionsraum des Albert-Einstein Forum&quot;,&quot;iconType&quot;:&quot;custom&quot;,&quot;customIconUrl&quot;:&quot;https:\\\/\\\/linux-rhein-kreis-neuss.de\\\/cms\\\/wp-content\\\/uploads\\\/2025\\\/07\\\/image.png&quot;,&quot;customIconWidth&quot;:&quot;25&quot;,&quot;customIconHeight&quot;:&quot;30&quot;}],&quot;map_zoom&quot;:&quot;17&quot;,&quot;scroll_wheel_zoom&quot;:&quot;1&quot;,&quot;map_type&quot;:&quot;OSM&quot;,&quot;center_index&quot;:0}'\n            class=\"wpmapblockrender\"\n            style=\"\n\t\t\twidth: 100%;\n\t\t\theight: 500px;\n\t\t\"\n            >\n        <\/div>\n        \n\n\n<h3 class=\"wp-block-heading\"><span class=\"ez-toc-section\" id=\"Presse\"><\/span>Presse<span class=\"ez-toc-section-end\"><\/span><\/h3>\n\n\n\n<p>Vertreter der Pint- und Online-Medien finden <a href=\"#\">hier<\/a> eine Pressemappe.<br>Um Belegexemplare und das Datum der Ver\u00f6ffentlichung wird gebeten.<\/p>\n\n\n\n<h3 class=\"wp-block-heading\"><span class=\"ez-toc-section\" id=\"Hinweis-2\"><\/span>Hinweis<span class=\"ez-toc-section-end\"><\/span><\/h3>\n\n\n\n<p>Bevor wir Ver\u00e4nderungen an bereit gestellter Hardware durchf\u00fchren, setzen wir voraus, dass die Hardware funktionst\u00fcchtig ist und zuvor eine Datensicherung vorgenommen wurde. <\/p>\n\n\n\n<p>Bitte bringen Sie zum Linux Presentation Day die <strong><a href=\"https:\/\/linux-rhein-kreis-neuss.de\/cms\/wp-content\/uploads\/2025\/08\/Einwilligungserklaerung-zur-Formatierung-einer-Festplatte.pdf\" data-type=\"attachment\" data-id=\"420\" target=\"_blank\" rel=\"noreferrer noopener\">unterzeichnete Zustimmung<\/a><\/strong> mit.<\/p>\n\n\n\n<p>Hardware k\u00f6nnen wir nicht reparieren. Wir k\u00f6nnen aber Kontakte zu diversen &#8222;repair Caf\u00e9&#8220; Initiativen ermitteln. Empfehlenswerte Ansprechpartner f\u00fcr andere digitale Themen au\u00dferhalb der Linux-Welt kennen wir auch. \ud83d\ude09<\/p>\n\n\n\n<p>W\u00e4hrend der Veranstaltung werden Fotos und Videos aufgenommen. <a href=\"https:\/\/linux-rhein-kreis-neuss.de\/cms\/hinweise-zu-bild-und-tonaufnahmen\" type=\"post\" id=\"376\">Hinweise zu Bild- <\/a><a href=\"https:\/\/linux-rhein-kreis-neuss.de\/cms\/hinweise-zu-bild-und-tonaufnahmen\/\" data-type=\"post\" data-id=\"376\">und<\/a><a href=\"https:\/\/linux-rhein-kreis-neuss.de\/cms\/hinweise-zu-bild-und-tonaufnahmen\" type=\"post\" id=\"376\"> Tonaufnahmen<\/a>.<\/p>\n","protected":false},"excerpt":{"rendered":"<p>Dritter Kaarster DI.DAY im Mai 2026 Die Veranstaltung wird am 10. Mai 2026 (14-17 Uhr) wieder im Multifunktionsraum am Albert-Einstein Forum statt finden. Wir werden uns bei der dritten Ausgabe auf die Praxis konzentrieren und wir fokussieren uns auf Hinweis Bevor wir Ver\u00e4nderungen an bereit gestellter Hardware durchf\u00fchren, setzen wir voraus, dass die Hardware funktionst\u00fcchtig [&hellip;]<\/p>\n","protected":false},"author":4,"featured_media":0,"parent":0,"menu_order":20,"comment_status":"closed","ping_status":"closed","template":"","meta":{"footnotes":""},"class_list":["post-159","page","type-page","status-publish","hentry"],"_links":{"self":[{"href":"https:\/\/linux-rhein-kreis-neuss.de\/cms\/wp-json\/wp\/v2\/pages\/159","targetHints":{"allow":["GET"]}}],"collection":[{"href":"https:\/\/linux-rhein-kreis-neuss.de\/cms\/wp-json\/wp\/v2\/pages"}],"about":[{"href":"https:\/\/linux-rhein-kreis-neuss.de\/cms\/wp-json\/wp\/v2\/types\/page"}],"author":[{"embeddable":true,"href":"https:\/\/linux-rhein-kreis-neuss.de\/cms\/wp-json\/wp\/v2\/users\/4"}],"replies":[{"embeddable":true,"href":"https:\/\/linux-rhein-kreis-neuss.de\/cms\/wp-json\/wp\/v2\/comments?post=159"}],"version-history":[{"count":59,"href":"https:\/\/linux-rhein-kreis-neuss.de\/cms\/wp-json\/wp\/v2\/pages\/159\/revisions"}],"predecessor-version":[{"id":367,"href":"https:\/\/linux-rhein-kreis-neuss.de\/cms\/wp-json\/wp\/v2\/pages\/159\/revisions\/367"}],"wp:attachment":[{"href":"https:\/\/linux-rhein-kreis-neuss.de\/cms\/wp-json\/wp\/v2\/media?parent=159"}],"curies":[{"name":"wp","href":"https:\/\/api.w.org\/{rel}","templated":true}]}}